{"id":700,"date":"2017-04-18T22:17:40","date_gmt":"2017-04-18T21:17:40","guid":{"rendered":"http:\/\/www.veloecoledemontreuil.com\/?page_id=700"},"modified":"2020-12-30T15:56:03","modified_gmt":"2020-12-30T14:56:03","slug":"randonnee-du-lundi-17-avril-2017","status":"publish","type":"page","link":"http:\/\/www.veloecoledemontreuil.com\/?page_id=700","title":{"rendered":"Randonn\u00e9e du lundi 17 avril 2017"},"content":{"rendered":"<h3><\/h3>\n<p><span style=\"font-size: large;\">Belle randonn\u00e9e avec neuf \u00e9l\u00e8ves accompagn\u00e9s de Jo et Farida. Au d\u00e9part, descente sur Vincennes et travers\u00e9e du bois avant de rejoindre le port de Nogent pour continuer sur la rive droite de la Marne ou la pluie nous a accompagn\u00e9e jusqu&rsquo;\u00e0 Neuilly-Plaisance. Ensuite, belle chevauch\u00e9e avec des \u00e9l\u00e8ves p\u00e9dalant \u00e0 un rythme soutenu durant laquelle nous avons rencontr\u00e9 le groupe de Janine. Arriv\u00e9e au plan d&rsquo;eau de Vaires, les \u00e9l\u00e8ves se sont lib\u00e9r\u00e9s p\u00e9dalant \u00e0 une vitesse \u00e9lev\u00e9e, f<span class=\"text_exposed_show\">aisant des l\u00e2ch\u00e9s de mains. Un groupe homog\u00e8ne et techniquement aguerri, preuve que notre v\u00e9lo-\u00e9cole porte ses fruits par le travail b\u00e9n\u00e9vole des monitrices et moniteurs. Apr\u00e8s un pique-nique sympathique durant lequel notre fid\u00e8le Amar s&rsquo;est transform\u00e9 en momie, nous avons pris le chemin du retour sans encombres, tous les \u00e9l\u00e8ves ont prit un r\u00e9el plaisir.<\/span> <\/span><\/p>\n<div class=\"text_exposed_show\">\n<h3><\/h3>\n<p><span style=\"font-size: large;\">A bient\u00f4t pour de nouvelles aventures&#8230; <\/span><\/p>\n<h4>Jean<\/h4>\n<\/div>\n<h1 style=\"text-align: center;\"><span style=\"color: #ff0000;\">PHOTOS<\/span><\/h1>\n<h1 style=\"text-align: center;\"><div class='embedsocial-album' data-ref='2c4f9b2ac566dd04ba901631da0465b03f741804'><\/div><\/h1>\n<h1 style=\"text-align: center;\"><span style=\"color: #ff0000;\">VIDEOS<\/span><\/h1>\n<p style=\"text-align: center;\"><iframe loading=\"lazy\" src=\"https:\/\/www.youtube.com\/embed\/Sl46pCy6DZQ\" width=\"480\" height=\"270\" frameborder=\"0\" allowfullscreen=\"allowfullscreen\"><\/iframe>\u00ab\u00a0<\/p>\n","protected":false},"excerpt":{"rendered":"<p>Belle randonn\u00e9e avec neuf \u00e9l\u00e8ves accompagn\u00e9s de Jo et Farida. Au d\u00e9part, descente sur Vincennes et travers\u00e9e du bois avant de rejoindre le port de Nogent pour continuer sur la rive droite de la Marne ou la pluie nous a accompagn\u00e9e jusqu&rsquo;\u00e0 Neuilly-Plaisance. Ensuite, belle chevauch\u00e9e avec des \u00e9l\u00e8ves p\u00e9dalant \u00e0 un rythme soutenu durant<a class=\"read-more \" href=\"http:\/\/www.veloecoledemontreuil.com\/?page_id=700\" title=\"Read More\"> <span class=\"button default\">Read More<\/span><\/a><\/p>\n","protected":false},"author":1,"featured_media":0,"parent":0,"menu_order":0,"comment_status":"closed","ping_status":"closed","template":"","meta":[],"_links":{"self":[{"href":"http:\/\/www.veloecoledemontreuil.com\/index.php?rest_route=\/wp\/v2\/pages\/700"}],"collection":[{"href":"http:\/\/www.veloecoledemontreuil.com\/index.php?rest_route=\/wp\/v2\/pages"}],"about":[{"href":"http:\/\/www.veloecoledemontreuil.com\/index.php?rest_route=\/wp\/v2\/types\/page"}],"author":[{"embeddable":true,"href":"http:\/\/www.veloecoledemontreuil.com\/index.php?rest_route=\/wp\/v2\/users\/1"}],"replies":[{"embeddable":true,"href":"http:\/\/www.veloecoledemontreuil.com\/index.php?rest_route=%2Fwp%2Fv2%2Fcomments&post=700"}],"version-history":[{"count":10,"href":"http:\/\/www.veloecoledemontreuil.com\/index.php?rest_route=\/wp\/v2\/pages\/700\/revisions"}],"predecessor-version":[{"id":907,"href":"http:\/\/www.veloecoledemontreuil.com\/index.php?rest_route=\/wp\/v2\/pages\/700\/revisions\/907"}],"wp:attachment":[{"href":"http:\/\/www.veloecoledemontreuil.com\/index.php?rest_route=%2Fwp%2Fv2%2Fmedia&parent=700"}],"curies":[{"name":"wp","href":"https:\/\/api.w.org\/{rel}","templated":true}]}}