{"id":672,"date":"2016-06-21T15:37:47","date_gmt":"2016-06-21T14:37:47","guid":{"rendered":"http:\/\/www.veloecoledemontreuil.com\/?page_id=672"},"modified":"2026-03-04T17:46:22","modified_gmt":"2026-03-04T16:46:22","slug":"balade-du-16-mai-2016","status":"publish","type":"page","link":"http:\/\/www.veloecoledemontreuil.com\/?page_id=672","title":{"rendered":"Balade du 16 mai 2016"},"content":{"rendered":"<h3><\/h3>\n<p><span style=\"font-size: large;\">D\u00e9part \u00e0 10 heures pour 18 \u00e9l\u00e8ves et 9 moniteurs. Distinction sans r\u00e9elle signification pour quelques unes.<br \/>\nTemps impeccable pour prendre le chemin de la Marne via la route des forts qui attendent depuis 150 ans (?) l&rsquo;arriv\u00e9e des Allemands.<br \/>\nOn plonge sur le port de Nogent puis la rive droite de la Marne jusqu&rsquo;au canal de Chelles.<br \/>\nPeu apr\u00e8s, pause-th\u00e9.<br \/>\nComme d&rsquo;hab, service impeccable. C&rsquo;est tellement parfait qu&rsquo;on ne se rend m\u00eame plus compte de ce que repr\u00e9sente un th\u00e9 excellent et chaud servi ce matin \u00e0 27 personnes, hier et avant-hier \u00e0 75 autres. Avec les bo\u00eetes de g\u00e2teaux et les nougats chinois.<br \/>\nLe peloton s&rsquo;\u00e9tire dans ce cadre bucolique o\u00f9 les p\u00e9niches et leur train de s\u00e9nateur ajoutent au calme des lieux.<br \/>\n13 h, l&rsquo;\u00e9cluse de Chelles est pass\u00e9e, quelques minutes plus tard, nous retrouvons notre prairie pr\u00e9f\u00e9r\u00e9e pour casse-cro\u00fbter.<br \/>\nLes b\u00e2ches pr\u00e9vues pour les post\u00e9rieurs d\u00e9licats sont sorties mais l&rsquo;herbe est \u00e0 peine humide.<br \/>\nLe ros\u00e9 bien frais et une bi\u00e8re dont je n&rsquo;ai pas la couleur d\u00e9lient les langues&#8230;&#8230;.<\/span><\/p>\n<h1 style=\"text-align: center;\"><span style=\"color: #ff0000;\">PHOTOS<\/span><br \/>\n<div class='embedsocial-album' data-ref='3e1ce1f58a6e697518c11c4b433266744274d6f9'><\/div><\/h1>\n<h1 style=\"text-align: center;\"><span style=\"color: #ff0000;\">VIDEOS<\/span><\/h1>\n<p style=\"text-align: center;\"><iframe loading=\"lazy\" src=\"https:\/\/www.youtube.com\/embed\/cYHDXBTnXnU\" width=\"480\" height=\"270\" frameborder=\"0\" allowfullscreen=\"allowfullscreen\"><\/iframe>\u00ab\u00a0<\/p>\n<p style=\"text-align: center;\"><iframe loading=\"lazy\" src=\"https:\/\/www.youtube.com\/embed\/_kVf5yR19vY\" width=\"480\" height=\"270\" frameborder=\"0\" allowfullscreen=\"allowfullscreen\"><\/iframe>\u00ab\u00a0<\/p>\n<p style=\"text-align: center;\"><iframe loading=\"lazy\" src=\"https:\/\/www.youtube.com\/embed\/qfRR2xJfA5Q\" width=\"480\" height=\"270\" frameborder=\"0\" allowfullscreen=\"allowfullscreen\"><\/iframe>\u00ab\u00a0<\/p>\n","protected":false},"excerpt":{"rendered":"<p>D\u00e9part \u00e0 10 heures pour 18 \u00e9l\u00e8ves et 9 moniteurs. Distinction sans r\u00e9elle signification pour quelques unes. Temps impeccable pour prendre le chemin de la Marne via la route des forts qui attendent depuis 150 ans (?) l&rsquo;arriv\u00e9e des Allemands. On plonge sur le port de Nogent puis la rive droite de la Marne jusqu&rsquo;au<a class=\"read-more \" href=\"http:\/\/www.veloecoledemontreuil.com\/?page_id=672\" title=\"Read More\"> <span class=\"button default\">Read More<\/span><\/a><\/p>\n","protected":false},"author":1,"featured_media":0,"parent":0,"menu_order":0,"comment_status":"closed","ping_status":"closed","template":"","meta":[],"_links":{"self":[{"href":"http:\/\/www.veloecoledemontreuil.com\/index.php?rest_route=\/wp\/v2\/pages\/672"}],"collection":[{"href":"http:\/\/www.veloecoledemontreuil.com\/index.php?rest_route=\/wp\/v2\/pages"}],"about":[{"href":"http:\/\/www.veloecoledemontreuil.com\/index.php?rest_route=\/wp\/v2\/types\/page"}],"author":[{"embeddable":true,"href":"http:\/\/www.veloecoledemontreuil.com\/index.php?rest_route=\/wp\/v2\/users\/1"}],"replies":[{"embeddable":true,"href":"http:\/\/www.veloecoledemontreuil.com\/index.php?rest_route=%2Fwp%2Fv2%2Fcomments&post=672"}],"version-history":[{"count":16,"href":"http:\/\/www.veloecoledemontreuil.com\/index.php?rest_route=\/wp\/v2\/pages\/672\/revisions"}],"predecessor-version":[{"id":912,"href":"http:\/\/www.veloecoledemontreuil.com\/index.php?rest_route=\/wp\/v2\/pages\/672\/revisions\/912"}],"wp:attachment":[{"href":"http:\/\/www.veloecoledemontreuil.com\/index.php?rest_route=%2Fwp%2Fv2%2Fmedia&parent=672"}],"curies":[{"name":"wp","href":"https:\/\/api.w.org\/{rel}","templated":true}]}}