{"id":54,"date":"2014-03-17T22:00:00","date_gmt":"2014-03-17T21:00:00","guid":{"rendered":"http:\/\/www.veloecoledemontreuil.com\/?page_id=54"},"modified":"2023-04-23T16:04:22","modified_gmt":"2023-04-23T15:04:22","slug":"contacts","status":"publish","type":"page","link":"http:\/\/www.veloecoledemontreuil.com\/?page_id=54","title":{"rendered":"Contacts"},"content":{"rendered":"<ul>\n<li><strong><span style=\"font-family: Times New Roman,serif; color: #3366ff;\"><span style=\"font-size: large;\"><span style=\"text-decoration: underline;\">Email\/T\u00e9l\u00e9phone:<\/span><\/span><\/span><\/strong><\/li>\n<\/ul>\n<p><span style=\"font-family: Times New Roman,serif;\"><span style=\"font-size: large;\">Vous pouvez joindre Ma\u00efmouna au 06 36 73 45 83 pour toutes questions. <strong>( Privil\u00e9gier l&rsquo;envoi de textos )<\/strong><\/span><\/span><\/p>\n<p><span style=\"font-family: Times New Roman,serif;\"><span style=\"font-size: large;\">Email :vvv93100@gmail.com<\/span><\/span><\/p>\n<p><span style=\"font-family: Times New Roman,serif;\"><span style=\"font-size: large;\">Facebook\u00a0: https:\/\/www.facebook.com\/VeloEcoleDeMontreuil<\/span><\/span><\/p>\n<ul>\n<li><span style=\"text-decoration: underline;\"><strong><span style=\"font-family: Times New Roman,serif; color: #3366ff; text-decoration: underline;\"><span style=\"font-size: large;\">Horaires et localisation :\u00a0<\/span><\/span><\/strong><\/span><\/li>\n<\/ul>\n<p><span style=\"font-family: Times New Roman,serif;\"><span style=\"font-size: large;\">Les cours ont lieu le samedi et dimanche matin de <span style=\"color: #000000;\">9h30 \u00e0 12h et pour certains niveaux 14h30 \u00e0 16h30<\/span>. Vous \u00ab\u00a0n&rsquo;avez droit\u00a0\u00bb qu&rsquo;\u00e0 une s\u00e9ance par week-end mais vous pouvez changer de s\u00e9ance d&rsquo;un week-end sur l&rsquo;autre.\u00a0<span style=\"color: #222222;\"><i><b>Il faut \u00eatre au local \u00e0 9h30 au plus tard.<\/b><\/i><\/span><\/span><\/span><\/p>\n<p><span style=\"font-family: Times New Roman,serif;\"><span style=\"font-size: large;\">Le local se trouve en face du 18 rue Paul Doumer \u00e0 Montreuil.<\/span><\/span><\/p>\n<p><span style=\"font-family: Times New Roman,serif;\"><span style=\"font-size: large;\">En sortant du m\u00e9tro \u00e0 \u00ab\u00a0Mairie de Montreuil\u00a0\u00bb, prendre le bus 122 en direction de Val de Fontenay et descendre \u00e0 l&rsquo;arr\u00eat \u00ab\u00a0Saint-Just\u00a0\u00bb puis marcher 350 m\u00e8tres dans le m\u00eame sens que le bus, nous sommes pile en face du \u00ab\u00a018\u00a0\u00bb.<\/span><\/span><\/p>\n<p><span style=\"font-family: Times New Roman,serif;\"><span style=\"font-size: large;\">Si vous arrivez par le RER \u00ab\u00a0Val de Fontenay\u00a0\u00bb, prendre le bus 122 et descendre \u00e0 l&rsquo;arr\u00eat \u00ab\u00a0Lenain de Tillemont\u00a0\u00bb puis continuer comme le bus jusqu&rsquo;au premier feu rouge, nous sommes juste \u00e0 100 m\u00e8tres \u00e0 gauche.<\/span><\/span><\/p>\n<p><iframe loading=\"lazy\" style=\"border: 0;\" src=\"https:\/\/www.google.com\/maps\/embed?pb=!1m18!1m12!1m3!1d2624.9921647546003!2d2.4568689000000132!3d48.858359799999995!2m3!1f0!2f0!3f0!3m2!1i1024!2i768!4f13.1!3m3!1m2!1s0x47e66d54ade66995%3A0xe5d42269ea4c3608!2s18+Rue+Paul+Doumer!5e0!3m2!1sfr!2sfr!4v1396710738638\" width=\"600\" height=\"450\" frameborder=\"0\"><\/iframe><\/p>\n<ul>\n<li><strong><span style=\"text-decoration: underline;\"><span style=\"font-family: Times New Roman,serif;\"><span style=\"font-size: large;\"><span style=\"color: #3366ff; text-decoration: underline;\">Tarifs<\/span> <\/span><\/span><\/span><\/strong><\/li>\n<\/ul>\n<p><span style=\"font-family: Times New Roman,serif;\"><span style=\"font-size: large;\">Le paiement se fait uniquement de la fa\u00e7on suivante :<\/span><\/span><\/p>\n<table border=\"1\" width=\"100%\" rules=\"COLS\" cellspacing=\"0\" cellpadding=\"4\">\n<colgroup>\n<col width=\"85*\" \/>\n<col width=\"85*\" \/>\n<col width=\"85*\" \/> <\/colgroup>\n<tbody>\n<tr valign=\"TOP\">\n<td width=\"33%\"><\/td>\n<td bgcolor=\"#c0c0c0\" width=\"33%\">\n<p align=\"CENTER\"><span style=\"font-size: x-large;\"><b>Dur\u00e9e<\/b><\/span><\/p>\n<\/td>\n<td bgcolor=\"#c0c0c0\" width=\"33%\">\n<p align=\"CENTER\"><span style=\"font-size: x-large;\"><b>Prix<\/b><\/span><\/p>\n<\/td>\n<\/tr>\n<tr valign=\"TOP\">\n<td bgcolor=\"#c0c0c0\" width=\"33%\"><span style=\"font-size: x-large;\">Premier forfait<\/span><\/td>\n<td width=\"33%\">\n<p align=\"CENTER\"><span style=\"font-size: x-large;\">20 s\u00e9ances<\/span><\/p>\n<\/td>\n<td width=\"33%\">\n<p align=\"CENTER\"><span style=\"font-size: x-large;\">60 euros<\/span><\/p>\n<\/td>\n<\/tr>\n<\/tbody>\n<tbody>\n<tr valign=\"TOP\">\n<td bgcolor=\"#c0c0c0\" width=\"33%\"><span style=\"font-size: x-large;\">Forfaits suivants<\/span><\/td>\n<td width=\"33%\">\n<p align=\"CENTER\"><span style=\"font-size: x-large;\">5 s\u00e9ances<\/span><\/p>\n<\/td>\n<td width=\"33%\">\n<p align=\"CENTER\"><span style=\"font-size: x-large;\">15 euros<\/span><\/p>\n<\/td>\n<\/tr>\n<\/tbody>\n<\/table>\n<p align=\"CENTER\"><span style=\"color: #000000;\"><span style=\"font-size: large;\"><i>La s\u00e9ance de deux heures et demi vous co\u00fbte seulement 3 euros.<\/i><\/span><\/span><\/p>\n<p><span style=\"font-family: Times New Roman,serif;\"><span style=\"font-size: large;\">Nos forfaits ne sont pas limit\u00e9s dans le temps<\/span><\/span><\/p>\n<p><span style=\"font-family: Times New Roman,serif;\"><span style=\"font-size: large;\"> Paiement par ch\u00e8que \u00e0 l&rsquo;ordre de <strong>Vivre \u00e0 V\u00e9lo en Ville <\/strong><\/span><\/span><\/p>\n<ul>\n<li><span style=\"text-decoration: underline; color: #3366ff;\"><strong><span style=\"font-family: Times New Roman,serif;\"><span style=\"font-size: large;\">Inscription :<\/span><\/span><\/strong><\/span><\/li>\n<\/ul>\n<p><span style=\"font-family: Times New Roman,serif;\"><span style=\"font-size: large;\">Nous vous demandons d&rsquo;envoyer un email \u00e0 vvv93100@gmail.com afin de pouvoir \u00eatre inscrit.<\/span><\/span><\/p>\n","protected":false},"excerpt":{"rendered":"<p>Email\/T\u00e9l\u00e9phone: Vous pouvez joindre Ma\u00efmouna au 06 36 73 45 83 pour toutes questions. ( Privil\u00e9gier l&rsquo;envoi de textos ) Email :vvv93100@gmail.com Facebook\u00a0: https:\/\/www.facebook.com\/VeloEcoleDeMontreuil Horaires et localisation :\u00a0 Les cours ont lieu le samedi et dimanche matin de 9h30 \u00e0 12h et pour certains niveaux 14h30 \u00e0 16h30. Vous \u00ab\u00a0n&rsquo;avez droit\u00a0\u00bb qu&rsquo;\u00e0 une s\u00e9ance par<a class=\"read-more \" href=\"http:\/\/www.veloecoledemontreuil.com\/?page_id=54\" title=\"Read More\"> <span class=\"button default\">Read More<\/span><\/a><\/p>\n","protected":false},"author":1,"featured_media":15,"parent":0,"menu_order":0,"comment_status":"closed","ping_status":"open","template":"","meta":[],"_links":{"self":[{"href":"http:\/\/www.veloecoledemontreuil.com\/index.php?rest_route=\/wp\/v2\/pages\/54"}],"collection":[{"href":"http:\/\/www.veloecoledemontreuil.com\/index.php?rest_route=\/wp\/v2\/pages"}],"about":[{"href":"http:\/\/www.veloecoledemontreuil.com\/index.php?rest_route=\/wp\/v2\/types\/page"}],"author":[{"embeddable":true,"href":"http:\/\/www.veloecoledemontreuil.com\/index.php?rest_route=\/wp\/v2\/users\/1"}],"replies":[{"embeddable":true,"href":"http:\/\/www.veloecoledemontreuil.com\/index.php?rest_route=%2Fwp%2Fv2%2Fcomments&post=54"}],"version-history":[{"count":57,"href":"http:\/\/www.veloecoledemontreuil.com\/index.php?rest_route=\/wp\/v2\/pages\/54\/revisions"}],"predecessor-version":[{"id":1274,"href":"http:\/\/www.veloecoledemontreuil.com\/index.php?rest_route=\/wp\/v2\/pages\/54\/revisions\/1274"}],"wp:featuredmedia":[{"embeddable":true,"href":"http:\/\/www.veloecoledemontreuil.com\/index.php?rest_route=\/wp\/v2\/media\/15"}],"wp:attachment":[{"href":"http:\/\/www.veloecoledemontreuil.com\/index.php?rest_route=%2Fwp%2Fv2%2Fmedia&parent=54"}],"curies":[{"name":"wp","href":"https:\/\/api.w.org\/{rel}","templated":true}]}}