{"id":30,"date":"2014-03-17T19:57:44","date_gmt":"2014-03-17T18:57:44","guid":{"rendered":"http:\/\/www.veloecoledemontreuil.com\/?page_id=30"},"modified":"2022-06-19T18:41:23","modified_gmt":"2022-06-19T17:41:23","slug":"30-2","status":"publish","type":"page","link":"http:\/\/www.veloecoledemontreuil.com\/","title":{"rendered":"L&rsquo;apprentissage du v\u00e9lo pour tous"},"content":{"rendered":"\n<div class=\"wp-block-image is-resized\"><figure class=\"aligncenter is-resized\"><a href=\"http:\/\/www.veloecoledemontreuil.com\/wp-content\/uploads\/2014\/03\/vvv11.gif\"><img loading=\"lazy\" src=\"http:\/\/www.veloecoledemontreuil.com\/wp-content\/uploads\/2014\/03\/vvv11.gif\" alt=\"vvv1\" class=\"wp-image-104\" width=\"497\" height=\"90\"\/><\/a><\/figure><\/div>\n\n\n\n<p class=\"has-text-align-center\"><\/p>\n\n\n\n<p class=\"has-text-align-center\"><em>L&rsquo;hymne officiel de la v\u00e9lo-\u00e9cole, par Jean-Jacques, alias Jiji.<\/em><\/p>\n\n\n\n<figure class=\"wp-block-audio\"><audio controls src=\"http:\/\/www.veloecoledemontreuil.com\/wp-content\/uploads\/2014\/03\/Chanson-Velo\u00e9cole-01.mp3\"><\/audio><\/figure>\n\n\n\n<h3>La v\u00e9lo-\u00e9cole de <span style=\"color: #333333;\">VVV-M<\/span>ontreuil est une association pionni\u00e8re, enti\u00e8rement b\u00e9n\u00e9vole, qui apprend depuis 18 ans aux adultes \u00e0 faire du v\u00e9lo.<\/h3>\n\n\n\n<h3>4000 \u00e9l\u00e8ves sont aujourd&rsquo;hui des cyclistes accomplis&#8230;.\u00e0 la mesure de leur pers\u00e9v\u00e9rance.<\/h3>\n\n\n<p><\/p>\n<p><\/p><center> <p><\/p>\n<p><iframe loading=\"lazy\" width=\"660\" height=\"415\" src=\"\/\/embedftv-a.akamaihd.net\/05361915cf810868a783cfc43a4a64e2\" frameborder=\"0\" scrolling=\"no\" allowfullscreen=\"\"><\/iframe><\/p>\n<p><\/p>\n<p><\/p><\/center><p><\/p>\n\n\n<p class=\"has-text-align-center\"><\/p>\n","protected":false},"excerpt":{"rendered":"<p>L&rsquo;hymne officiel de la v\u00e9lo-\u00e9cole, par Jean-Jacques, alias Jiji. La v\u00e9lo-\u00e9cole de VVV-Montreuil est une association pionni\u00e8re, enti\u00e8rement b\u00e9n\u00e9vole, qui apprend depuis 18 ans aux adultes \u00e0 faire du v\u00e9lo. 4000 \u00e9l\u00e8ves sont aujourd&rsquo;hui des cyclistes accomplis&#8230;.\u00e0 la mesure de leur pers\u00e9v\u00e9rance.<a class=\"read-more \" href=\"http:\/\/www.veloecoledemontreuil.com\/\" title=\"Read More\"> <span class=\"button default\">Read More<\/span><\/a><\/p>\n","protected":false},"author":1,"featured_media":338,"parent":0,"menu_order":0,"comment_status":"closed","ping_status":"closed","template":"","meta":[],"_links":{"self":[{"href":"http:\/\/www.veloecoledemontreuil.com\/index.php?rest_route=\/wp\/v2\/pages\/30"}],"collection":[{"href":"http:\/\/www.veloecoledemontreuil.com\/index.php?rest_route=\/wp\/v2\/pages"}],"about":[{"href":"http:\/\/www.veloecoledemontreuil.com\/index.php?rest_route=\/wp\/v2\/types\/page"}],"author":[{"embeddable":true,"href":"http:\/\/www.veloecoledemontreuil.com\/index.php?rest_route=\/wp\/v2\/users\/1"}],"replies":[{"embeddable":true,"href":"http:\/\/www.veloecoledemontreuil.com\/index.php?rest_route=%2Fwp%2Fv2%2Fcomments&post=30"}],"version-history":[{"count":51,"href":"http:\/\/www.veloecoledemontreuil.com\/index.php?rest_route=\/wp\/v2\/pages\/30\/revisions"}],"predecessor-version":[{"id":1265,"href":"http:\/\/www.veloecoledemontreuil.com\/index.php?rest_route=\/wp\/v2\/pages\/30\/revisions\/1265"}],"wp:featuredmedia":[{"embeddable":true,"href":"http:\/\/www.veloecoledemontreuil.com\/index.php?rest_route=\/wp\/v2\/media\/338"}],"wp:attachment":[{"href":"http:\/\/www.veloecoledemontreuil.com\/index.php?rest_route=%2Fwp%2Fv2%2Fmedia&parent=30"}],"curies":[{"name":"wp","href":"https:\/\/api.w.org\/{rel}","templated":true}]}}