{"id":180,"date":"2014-04-05T19:47:36","date_gmt":"2014-04-05T18:47:36","guid":{"rendered":"http:\/\/www.veloecoledemontreuil.com\/?page_id=180"},"modified":"2015-06-20T23:34:41","modified_gmt":"2015-06-20T22:34:41","slug":"la-methode","status":"publish","type":"page","link":"http:\/\/www.veloecoledemontreuil.com\/?page_id=180","title":{"rendered":"Les niveaux d&rsquo;apprentissage"},"content":{"rendered":"<h3><\/h3>\n<p><span style=\"font-size: large;\">L\u2019\u00e9l\u00e8ve apprend seul, sans \u00eatre tenu par le moniteur, sans les petites roues stabilisatrices des enfants.L\u2019\u00e9quilibre se trouve tr\u00e8s rapidement gr\u00e2ce \u00e0 nos v\u00e9los adapt\u00e9s \u00e0 l\u2019initiation.<br \/>\nEnsuite, toute notre p\u00e9dagogie repose sur \u00ab\u00a0la sortie de selle\u00a0\u00bb.<br \/>\n12 ann\u00e9es d\u2019enseignement nous ont montr\u00e9 que TOUS les p\u00e9pins s\u00e9rieux se produisent au moment de l\u2019arr\u00eat, \u00e0 tr\u00e8s petite vitesse quand l\u2019\u00e9l\u00e8ve a oubli\u00e9 de sortir de la selle avant de s\u2019arr\u00eater.<img loading=\"lazy\" class=\"aligncenter wp-image-200 size-large\" src=\"http:\/\/www.veloecoledemontreuil.com\/wp-content\/uploads\/2014\/04\/IMG_05841-449x304.jpg\" alt=\"IMG_0584[1]\" width=\"449\" height=\"304\" \/><br \/>\nNous apprenons donc \u00e0 sortir de la selle, c\u2019est \u00e0 dire \u00e0 se lever sur les p\u00e9dales, bien s\u00fbr pour s\u2019arr\u00eater mas aussi d\u00e8s qu\u2019un danger ou simplement une situation incertaine appara\u00eet.<br \/>\nSortie de selle les deux pieds \u00e0 la m\u00eame hauteur pour amortir toute secousse provoqu\u00e9e par une irr\u00e9gularit\u00e9 du terrain (trou, branches \u2026).<br \/>\nSortie de selle un pied en bas, l\u2019autre en haut pour pr\u00e9parer l\u2019arr\u00eat.<br \/>\nSortie de selle, plus tard dans la formation, pour s\u2019initier \u00e0 la danseuse.<\/span><\/p>\n","protected":false},"excerpt":{"rendered":"<p>L\u2019\u00e9l\u00e8ve apprend seul, sans \u00eatre tenu par le moniteur, sans les petites roues stabilisatrices des enfants.L\u2019\u00e9quilibre se trouve tr\u00e8s rapidement gr\u00e2ce \u00e0 nos v\u00e9los adapt\u00e9s \u00e0 l\u2019initiation. Ensuite, toute notre p\u00e9dagogie repose sur \u00ab\u00a0la sortie de selle\u00a0\u00bb. 12 ann\u00e9es d\u2019enseignement nous ont montr\u00e9 que TOUS les p\u00e9pins s\u00e9rieux se produisent au moment de l\u2019arr\u00eat, \u00e0<a class=\"read-more \" href=\"http:\/\/www.veloecoledemontreuil.com\/?page_id=180\" title=\"Read More\"> <span class=\"button default\">Read More<\/span><\/a><\/p>\n","protected":false},"author":1,"featured_media":0,"parent":0,"menu_order":0,"comment_status":"closed","ping_status":"open","template":"","meta":[],"_links":{"self":[{"href":"http:\/\/www.veloecoledemontreuil.com\/index.php?rest_route=\/wp\/v2\/pages\/180"}],"collection":[{"href":"http:\/\/www.veloecoledemontreuil.com\/index.php?rest_route=\/wp\/v2\/pages"}],"about":[{"href":"http:\/\/www.veloecoledemontreuil.com\/index.php?rest_route=\/wp\/v2\/types\/page"}],"author":[{"embeddable":true,"href":"http:\/\/www.veloecoledemontreuil.com\/index.php?rest_route=\/wp\/v2\/users\/1"}],"replies":[{"embeddable":true,"href":"http:\/\/www.veloecoledemontreuil.com\/index.php?rest_route=%2Fwp%2Fv2%2Fcomments&post=180"}],"version-history":[{"count":8,"href":"http:\/\/www.veloecoledemontreuil.com\/index.php?rest_route=\/wp\/v2\/pages\/180\/revisions"}],"predecessor-version":[{"id":441,"href":"http:\/\/www.veloecoledemontreuil.com\/index.php?rest_route=\/wp\/v2\/pages\/180\/revisions\/441"}],"wp:attachment":[{"href":"http:\/\/www.veloecoledemontreuil.com\/index.php?rest_route=%2Fwp%2Fv2%2Fmedia&parent=180"}],"curies":[{"name":"wp","href":"https:\/\/api.w.org\/{rel}","templated":true}]}}